{"id":475,"date":"2021-11-15T18:26:36","date_gmt":"2021-11-15T16:26:36","guid":{"rendered":"http:\/\/ag-theater.de\/?page_id=475"},"modified":"2024-02-15T01:21:45","modified_gmt":"2024-02-14T23:21:45","slug":"2021-frederick","status":"publish","type":"page","link":"http:\/\/ag-theater.de\/?page_id=475","title":{"rendered":"2021 Frederick \/ Gr\u00fcffelo"},"content":{"rendered":"\n<p>Fast das gesamte Schuljahr 2020\/2021 fanden keine Klassen\u00fcbergreifenden Arbeitsgemeinschaften statt. Der Fokus lag auf den Kernf\u00e4chern. Erst gegen Mitte des Schuljahres beschlossen wir die Theater AG auch virtuell stattfinden zu lassen. Ein Gro\u00dfteil der \u00dcbungen bestand in Pantomime- und Sprach\u00fcbungen. Szenisches interagieren fiel mit den technischen Gegebenheiten schwer. Nichtsdestotrotz entschieden sich die Kinder daf\u00fcr am Ende des Schuljahres noch ein kleines Lesest\u00fcck zu bearbeiten. Hier ging es in erster Linie darum, \u00fcberhaupt etwas gemeinsam zu schaffen. Der Schwerpunkt lag weniger auf der theatralen Arbeit, als darauf, dass \u00fcberhaupt etwas zu Stande kommt.<br>Hier das Produkt welches in wenigen Wochen entstand: <a href=\"https:\/\/youtu.be\/DDpWFGaSJRM\" data-type=\"URL\" data-id=\"https:\/\/youtu.be\/DDpWFGaSJRM\" target=\"_blank\" rel=\"noreferrer noopener\">Frederick<\/a><\/p>\n\n\n\n<figure class=\"wp-block-image size-large\"><a href=\"http:\/\/ag-theater.de\/wp-content\/uploads\/2021\/11\/Theater-AG-21.jpg\"><img loading=\"lazy\" decoding=\"async\" width=\"1024\" height=\"538\" src=\"http:\/\/ag-theater.de\/wp-content\/uploads\/2021\/11\/Theater-AG-21-1024x538.jpg\" alt=\"\" class=\"wp-image-476\" srcset=\"http:\/\/ag-theater.de\/wp-content\/uploads\/2021\/11\/Theater-AG-21-1024x538.jpg 1024w, http:\/\/ag-theater.de\/wp-content\/uploads\/2021\/11\/Theater-AG-21-300x158.jpg 300w, http:\/\/ag-theater.de\/wp-content\/uploads\/2021\/11\/Theater-AG-21-768x403.jpg 768w, http:\/\/ag-theater.de\/wp-content\/uploads\/2021\/11\/Theater-AG-21-1536x807.jpg 1536w, http:\/\/ag-theater.de\/wp-content\/uploads\/2021\/11\/Theater-AG-21.jpg 1856w\" sizes=\"auto, (max-width: 1024px) 100vw, 1024px\" \/><\/a><\/figure>\n\n\n\n<p>In den wenigen Einheiten, die wir noch in Pr\u00e4senz abhalten durften, wurde der Gr\u00fcffelo von den Sch\u00fcler:innen szenisch umgesetzt.<\/p>\n\n\n\n<figure class=\"wp-block-image size-large\"><a href=\"http:\/\/ag-theater.de\/wp-content\/uploads\/2024\/02\/Screenshot-2024-02-14-234618.png\"><img loading=\"lazy\" decoding=\"async\" width=\"1024\" height=\"572\" src=\"http:\/\/ag-theater.de\/wp-content\/uploads\/2024\/02\/Screenshot-2024-02-14-234618-1024x572.png\" alt=\"\" class=\"wp-image-612\" srcset=\"http:\/\/ag-theater.de\/wp-content\/uploads\/2024\/02\/Screenshot-2024-02-14-234618-1024x572.png 1024w, http:\/\/ag-theater.de\/wp-content\/uploads\/2024\/02\/Screenshot-2024-02-14-234618-300x167.png 300w, http:\/\/ag-theater.de\/wp-content\/uploads\/2024\/02\/Screenshot-2024-02-14-234618-768x429.png 768w, http:\/\/ag-theater.de\/wp-content\/uploads\/2024\/02\/Screenshot-2024-02-14-234618-1536x857.png 1536w, http:\/\/ag-theater.de\/wp-content\/uploads\/2024\/02\/Screenshot-2024-02-14-234618.png 1657w\" sizes=\"auto, (max-width: 1024px) 100vw, 1024px\" \/><\/a><\/figure>\n","protected":false},"excerpt":{"rendered":"<p>Fast das gesamte Schuljahr 2020\/2021 fanden keine Klassen\u00fcbergreifenden Arbeitsgemeinschaften statt. Der Fokus lag auf den Kernf\u00e4chern. Erst gegen Mitte des Schuljahres beschlossen wir die Theater AG auch virtuell stattfinden zu lassen. Ein Gro\u00dfteil der \u00dcbungen bestand in Pantomime- und Sprach\u00fcbungen. Szenisches interagieren fiel mit den technischen Gegebenheiten schwer. Nichtsdestotrotz entschieden sich die Kinder daf\u00fcr am [&hellip;]<\/p>\n","protected":false},"author":1,"featured_media":0,"parent":0,"menu_order":0,"comment_status":"closed","ping_status":"closed","template":"","meta":{"footnotes":""},"class_list":["post-475","page","type-page","status-publish","hentry","post-preview"],"_links":{"self":[{"href":"http:\/\/ag-theater.de\/index.php?rest_route=\/wp\/v2\/pages\/475","targetHints":{"allow":["GET"]}}],"collection":[{"href":"http:\/\/ag-theater.de\/index.php?rest_route=\/wp\/v2\/pages"}],"about":[{"href":"http:\/\/ag-theater.de\/index.php?rest_route=\/wp\/v2\/types\/page"}],"author":[{"embeddable":true,"href":"http:\/\/ag-theater.de\/index.php?rest_route=\/wp\/v2\/users\/1"}],"replies":[{"embeddable":true,"href":"http:\/\/ag-theater.de\/index.php?rest_route=%2Fwp%2Fv2%2Fcomments&post=475"}],"version-history":[{"count":2,"href":"http:\/\/ag-theater.de\/index.php?rest_route=\/wp\/v2\/pages\/475\/revisions"}],"predecessor-version":[{"id":613,"href":"http:\/\/ag-theater.de\/index.php?rest_route=\/wp\/v2\/pages\/475\/revisions\/613"}],"wp:attachment":[{"href":"http:\/\/ag-theater.de\/index.php?rest_route=%2Fwp%2Fv2%2Fmedia&parent=475"}],"curies":[{"name":"wp","href":"https:\/\/api.w.org\/{rel}","templated":true}]}}