{"id":64,"date":"2011-10-12T20:52:58","date_gmt":"2011-10-12T18:52:58","guid":{"rendered":"http:\/\/ag-theater.de\/?page_id=64"},"modified":"2024-06-29T17:02:41","modified_gmt":"2024-06-29T15:02:41","slug":"2012-noch-ohne-titel","status":"publish","type":"page","link":"http:\/\/ag-theater.de\/?page_id=64","title":{"rendered":"2012 Zeitmaschine"},"content":{"rendered":"<p>Im Juni 2012 werden wir an den N\u00fcrnberger Kulturtagen und am 2.Katzwanger Kulturtag mit einem St\u00fcck teilnehmen. Das Arbeitsthema ist &#8222;ZeitPunktRaum&#8220;. Ein St\u00fcck steht noch nicht fest. Die Kinder werden bis Weihnachten Vorschl\u00e4ge machen und wir werden uns vor den Weihnachtsferien auf einen Titel und ein St\u00fcck einigen.<\/p>\n<p>Am 14.November ist die Entscheidung auf den Arbeitstitel &#8222;Zeitmaschine &#8211; eine Eigenproduktion&#8220; gefallen.<\/p>\n<p><a href=\"http:\/\/ag-theater.de\/wp-content\/uploads\/2011\/10\/Programmheft2_internet1.jpg\"><img loading=\"lazy\" decoding=\"async\" class=\"aligncenter size-full wp-image-114\" title=\"Programmheft2_internet\" src=\"http:\/\/ag-theater.de\/wp-content\/uploads\/2011\/10\/Programmheft2_internet1.jpg\" alt=\"\" width=\"421\" height=\"379\" srcset=\"http:\/\/ag-theater.de\/wp-content\/uploads\/2011\/10\/Programmheft2_internet1.jpg 333w, http:\/\/ag-theater.de\/wp-content\/uploads\/2011\/10\/Programmheft2_internet1-300x270.jpg 300w\" sizes=\"auto, (max-width: 421px) 100vw, 421px\" \/><\/a><\/p>\n<p>\u00a0<\/p>\n\n\n<h2 class=\"wp-block-heading\"><\/h2>\n\n\n\n<p>Publiziert am <a href=\"http:\/\/ag-theater.de\/?p=148\">Juli 11, 2012<\/a> von <a href=\"http:\/\/ag-theater.de\/?author=1\">Berdich<\/a><\/p>\n\n\n<div class=\"wp-block-image\">\n<figure class=\"aligncenter\"><a href=\"http:\/\/ag-theater.de\/wp-content\/uploads\/2012\/07\/DSC_5351.jpg\"><img decoding=\"async\" src=\"http:\/\/ag-theater.de\/wp-content\/uploads\/2012\/07\/DSC_5351.jpg\" alt=\"\" class=\"wp-image-152\" title=\"DSC_5351\"\/><\/a><\/figure>\n<\/div>\n\n<div class=\"wp-block-image\">\n<figure class=\"aligncenter\"><a href=\"http:\/\/ag-theater.de\/wp-content\/uploads\/2012\/07\/DSC_01261.jpg\"><img decoding=\"async\" src=\"http:\/\/ag-theater.de\/wp-content\/uploads\/2012\/07\/DSC_01261.jpg\" alt=\"\" class=\"wp-image-151\" title=\"DSC_0126\"\/><\/a><\/figure>\n<\/div>\n\n<div class=\"wp-block-image\">\n<figure class=\"aligncenter\"><a href=\"http:\/\/ag-theater.de\/wp-content\/uploads\/2012\/07\/DSC_5358.jpg\"><img decoding=\"async\" src=\"http:\/\/ag-theater.de\/wp-content\/uploads\/2012\/07\/DSC_5358.jpg\" alt=\"\" class=\"wp-image-150\" title=\"DSC_5358\"\/><\/a><\/figure>\n<\/div>\n\n\n<p>Liebe Eltern,<br>wenn es sch\u00f6ne Bilder von den Auff\u00fchrungen gibt, w\u00fcrde ich mich sehr freuen, wenn Sie mir diese zukommen lassen w\u00fcrden.<br>Leider ist dieses Theater AG Jahr bereits zu Ende gegangen. Hinter uns liegen vier Auff\u00fchrungen, die man als gelungen bezeichnen kann. Es hat wieder richtig Spa\u00df gemacht!<br>Hier die ersten Bilder:<br>Ver\u00f6ffentlicht unter <a href=\"http:\/\/ag-theater.de\/?cat=1\">Nachrichten<\/a> | Kommentare deaktiviert f\u00fcr Bitte um Bild und Filmmaterial und ein bisschen Wehmut | <a href=\"http:\/\/ag-theater.de\/wp-admin\/post.php?post=148&amp;action=edit\">Bearbeiten<\/a><\/p>\n\n\n\n<h2 class=\"wp-block-heading\"><a href=\"http:\/\/ag-theater.de\/?p=137\">Terminverschiebungen Runde II<\/a><\/h2>\n\n\n\n<p>Publiziert am <a href=\"http:\/\/ag-theater.de\/?p=137\">Juni 13, 2012<\/a> von <a href=\"http:\/\/ag-theater.de\/?author=1\">Berdich<\/a><\/p>\n\n\n\n<p>Liebe Eltern,<br>immer wieder gibt es Verschiebungen bei den Terminen. Die unten stehenden Termine sind jetzt aber 100 Prozent korrekt.<\/p>\n\n\n\n<p>18.06. Letzte Probe in der Schule<br>[19.06. Technikprobe im Theater Mummpitz (ohne Sch\u00fcler!)]<br>22.06. Ablaufprobe im Theater Mummpitz (vor. vormittags) R\u00fcckkehr gegen 14.30 Uhr<br>24.06. Er\u00f6ffnung der Kulturtage = Premiere (18.00 Uhr)<br>Treffpunkt an der Schule mit gemeinsamer Abfahrt 16.15 Uhr (\u00f6ffentlich)<br>[In einer Fahrkarte ist auch die Fahrt zum Theater und zur\u00fcck enthalten]<br>26.06. 2. Auff\u00fchrung (Vormittag) im Theater Mummpitz R\u00fcckkehr gegen 14.30 Uhr<br>04.07. Auff\u00fchrung (15.00 Uhr) in der \u201cBlue Box\u201d im Katzwanger Hort<br>05.07. Generalprobe\/Technikprobe (Vormittags)<br>Auff\u00fchrung (18.00 Uhr) am 2. Katzwanger Kulturtag in der Sporthalle<br>Treffpunkt 17.00 Uhr in der Turnhalle<br>09.07. Eisessen und Verabschiedung der Theater AG Ver\u00f6ffentlicht unter <a href=\"http:\/\/ag-theater.de\/?cat=1\">Nachrichten<\/a> | Kommentare deaktiviert f\u00fcr Terminverschiebungen Runde II | <a href=\"http:\/\/ag-theater.de\/wp-admin\/post.php?post=137&amp;action=edit\">Bearbeiten<\/a><\/p>\n\n\n\n<h2 class=\"wp-block-heading\"><a href=\"http:\/\/ag-theater.de\/?p=125\">Szenen 4 und 5 fast fertig, 6 und 7 entstehen\u2026<\/a><\/h2>\n\n\n\n<p>Publiziert am <a href=\"http:\/\/ag-theater.de\/?p=125\">Mai 20, 2012<\/a> von <a href=\"http:\/\/ag-theater.de\/?author=1\">Berdich<\/a><\/p>\n\n\n\n<p>Die Szenen 4 \u201eFremde Welt\/Narnia\u201c und 5 \u201eDie drei Musketiere\u201c gehen der Endphase entgegen. In der letzten Woche sind die Grundideen f\u00fcr die Szene 6 \u201eZukunft\/Fantasiewelt\u201c und 7 \u201eR\u00fcckkehr in die \u201eJetztzeit\u201c und vereinte Familie\u201c gelegt worden. Diese Woche versuchen wir haupts\u00e4chlich die Szenen 5, 6 und 7 in eine sinnvolle Form zu bringen, um dann am Probentag ein mehr oder minder fertiges St\u00fcck proben zu k\u00f6nnen\u2026es bleibt spannend! Ver\u00f6ffentlicht unter <a href=\"http:\/\/ag-theater.de\/?cat=1\">Nachrichten<\/a> | Kommentare deaktiviert f\u00fcr Szenen 4 und 5 fast fertig, 6 und 7 entstehen\u2026 | <a href=\"http:\/\/ag-theater.de\/wp-admin\/post.php?post=125&amp;action=edit\">Bearbeiten<\/a><\/p>\n\n\n\n<h2 class=\"wp-block-heading\"><a href=\"http:\/\/ag-theater.de\/?p=119\">Spieltermine \u2013 ACHTUNG TERMIN\u00c4NDERUNGEN!<\/a><\/h2>\n\n\n\n<p>Publiziert am <a href=\"http:\/\/ag-theater.de\/?p=119\">April 29, 2012<\/a> von <a href=\"http:\/\/ag-theater.de\/?author=1\">Berdich<\/a><\/p>\n\n\n\n<p>Die ersten Spieltermine stehen so gut wie fest. Die Termine sind noch nicht endg\u00fcltig, aber haben bereits einigerma\u00dfen bindenden Charakter.<\/p>\n\n\n\n<p>07.05. Probe<br>14.05. Probe<br>21.05. Probe<br>10.06. Probentag (=zus\u00e4tzliche Probe im Musiksaal, Vormittag und Nachmittag)<br><del>11.06. Hauptprobe<\/del> muss aufgrund einer Lehrerkonferenz abgesagt werden<br>13.06. Hauptprobe (=Zus\u00e4tzliche Probe im Musiksaal, 13.15 Uhr bis 15.00 Uhr)<br>18.06. Technikprobe im Theater Mummpitz (ohne Sch\u00fcler!)<br>22.06. Ablaufprobe im Theater Mummpitz (vor. vormittags)<br>24.06. Er\u00f6ffnung der Kulturtage inklusive 3.Auff\u00fchrung (Abend)<br>26.06. 4.Auff\u00fchrung (Vormittag) im Theater Mummpitz<br>02.07. Technikprobe Auff\u00fchrung (Nachmittag) am 2.Katzwanger Kulturtag in der Sporthalle<br>04.07. Auff\u00fchrung (Nachmittag) in der \u201eBlue Box\u201c im Katzwanger Hort<br>09.07. Eisessen und Verabschiedung der Theater AG<\/p>\n\n\n\n<h2 class=\"wp-block-heading\"><a href=\"http:\/\/ag-theater.de\/?p=103\">Beitrag f\u00fcr das Programmheft ist fertig<\/a><\/h2>\n\n\n\n<p>Publiziert am <a href=\"http:\/\/ag-theater.de\/?p=103\">April 12, 2012<\/a> von <a href=\"http:\/\/ag-theater.de\/?author=1\">Berdich<\/a><\/p>\n\n\n\n<p>Der Beitrag f\u00fcr das Programmheft der Kulturtage 2012 ist fertig. Hier das Bild und der Text, jedoch nicht in der entsprechenden Formatierung:<\/p>\n\n\n<div class=\"wp-block-image\">\n<figure class=\"aligncenter\"><a href=\"http:\/\/ag-theater.de\/wp-content\/uploads\/2012\/04\/Programmheft2_internet1.jpg\"><img loading=\"lazy\" decoding=\"async\" width=\"300\" height=\"270\" src=\"http:\/\/ag-theater.de\/wp-content\/uploads\/2012\/04\/Programmheft2_internet1-300x270.jpg\" alt=\"\" class=\"wp-image-111\" title=\"Programmheft2_internet\" srcset=\"http:\/\/ag-theater.de\/wp-content\/uploads\/2012\/04\/Programmheft2_internet1-300x270.jpg 300w, http:\/\/ag-theater.de\/wp-content\/uploads\/2012\/04\/Programmheft2_internet1.jpg 333w\" sizes=\"auto, (max-width: 300px) 100vw, 300px\" \/><\/a><\/figure>\n<\/div>\n\n\n<p><strong>Was passiert, wenn man von seinen Eltern verlassen wird?<\/strong><\/p>\n\n\n\n<p><strong>Kann man sich dem Onkel anvertrauen?<\/strong><\/p>\n\n\n\n<p><strong>Ist der Onkel tats\u00e4chlich ein Zauberer?<\/strong><\/p>\n\n\n\n<p><strong>Gibt es die M\u00f6glichkeit der Zeitreise?<\/strong><\/p>\n\n\n\n<p><strong>Wie sieht es an unbekannten Orten aus?<\/strong><\/p>\n\n\n\n<p><strong>Wer befindet sich in fremden Welten?<\/strong><\/p>\n\n\n\n<p><strong>Was passiert in anderen Zeiten?<\/strong><\/p>\n\n\n\n<p><strong>Gibt es ein zur\u00fcck?<\/strong><\/p>\n\n\n\n<p><strong>K\u00f6nnen Eltern verzeihen?<\/strong><\/p>\n\n\n\n<p><strong>Die Antworten erfahrt Ihr in dem &nbsp;St\u00fcck<\/strong><\/p>\n\n\n\n<p><strong>\u201eEine Reise durch Zeit und Raum\u201c<\/strong><\/p>\n\n\n\n<p><strong>der Theater AG Katzwang<\/strong> Ver\u00f6ffentlicht unter <a href=\"http:\/\/ag-theater.de\/?cat=1\">Nachrichten<\/a> | Kommentare deaktiviert f\u00fcr Beitrag f\u00fcr das Programmheft ist fertig | <a href=\"http:\/\/ag-theater.de\/wp-admin\/post.php?post=103&amp;action=edit\">Bearbeiten<\/a><\/p>\n\n\n\n<h2 class=\"wp-block-heading\"><a href=\"http:\/\/ag-theater.de\/?p=79\">Projekttitel steht fest: Zeitmaschine (Eigenproduktion)<\/a><\/h2>\n\n\n\n<p>Publiziert am <a href=\"http:\/\/ag-theater.de\/?p=79\">November 20, 2011<\/a> von <a href=\"http:\/\/ag-theater.de\/?author=1\">Berdich<\/a><\/p>\n\n\n\n<p>Es gab ein Kopf an Kopfrennen der vier \u00fcbrig gebliebenen Themen. In einer ersten Runde gab es keinen eindeutigen Sieger. Nachdem in der zweiten Runde jedes Mitglied der Theater AG nur noch eine Stimme hatte, kam es zu einem eindeutigen Ergebnis. Die Kinder haben sich f\u00fcr eine absolute Eigenproduktion mit dem Aufh\u00e4nger \u201eZeitmaschine\u201c entschieden. Das ganze wird sicherlich ein Wagnis, da ein eigener Spannungsbogen gefunden werden muss. Jedoch war das Ergebnis aus Sicht der Kinder verst\u00e4ndlich. Unter diesem \u201eMotto\u201c war es m\u00f6glich die unterschiedlichen Lager zu vereinen und Elemente aus den anderen drei St\u00fccken&nbsp; Narnia, Die drei Muskettiere und Der Zauberer von Oz miteinander zu verbinden. Auf das Ergebnis darf man sicherlich gespannt sein\u2026 Ver\u00f6ffentlicht unter <a href=\"http:\/\/ag-theater.de\/?cat=1\">Nachrichten<\/a> | Kommentare deaktiviert f\u00fcr Projekttitel steht fest: Zeitmaschine (Eigenproduktion) | <a href=\"http:\/\/ag-theater.de\/wp-admin\/post.php?post=79&amp;action=edit\">Bearbeiten<\/a><\/p>\n\n\n\n<h2 class=\"wp-block-heading\"><a href=\"http:\/\/ag-theater.de\/?p=72\">Themenvorschl\u00e4ge<\/a><\/h2>\n\n\n\n<p>Publiziert am <a href=\"http:\/\/ag-theater.de\/?p=72\">Oktober 25, 2011<\/a> von <a href=\"http:\/\/ag-theater.de\/?author=1\">Berdich<\/a><\/p>\n\n\n\n<p>Die Kinder haben bisher folgende Themenvorschl\u00e4ge gemacht:<\/p>\n\n\n\n<ul class=\"wp-block-list\">\n<li>Das magische Baumhaus \u2013 Im Tal der L\u00f6wen<\/li>\n\n\n\n<li>Das magische Baumhaus \u2013 Auf den Spuren der Eisb\u00e4ren<\/li>\n\n\n\n<li>Das magische Baumhaus \u2013 Das R\u00e4tsel der Geisterstadt<\/li>\n\n\n\n<li>Das magische Baumhaus \u2013 Auf der F\u00e4hrte der Indianer<\/li>\n\n\n\n<li>Das magische Baumhaus \u2013 Im Tal der Dinosaurier<\/li>\n\n\n\n<li>Das magische Baumhaus \u2013 Der geheimnisvoll Ritter<\/li>\n\n\n\n<li>Das magische Baumhaus \u2013 Das Geheimnis der Mumie<\/li>\n\n\n\n<li>Das magische Baumhaus \u2013 Der Schatz der Piraten<\/li>\n\n\n\n<li>Ronja R\u00e4ubertochter<\/li>\n\n\n\n<li>Die drei Musketiere<\/li>\n\n\n\n<li>Winnetou<\/li>\n\n\n\n<li>Eigenproduktion rund um das Thema \u201eZeitmaschine\u201c<\/li>\n\n\n\n<li>\u201eEtwas mit Robotern\u201c<\/li>\n\n\n\n<li>Gullivers Reisen<\/li>\n\n\n\n<li>Star Wars Episode II<\/li>\n\n\n\n<li>Star Wars Episode III<\/li>\n\n\n\n<li>Urmel aus dem Eis<\/li>\n\n\n\n<li>Lissy und der wilde Kaiser<\/li>\n\n\n\n<li>R\u00e4uber Grabsch<\/li>\n\n\n\n<li>Die Olchis<\/li>\n<\/ul>\n\n\n\n<p>\u00dcber die Herbstferien haben die Kinder die Aufgabe bekommen weiter nach Ideen f\u00fcr St\u00fccke rund um das Thema \u201eZeitPunktRaum\u201c zu finden. Es kommt dann in der Woche nach den Ferien zu einer letzten Vorstellungsrunde. In der folge Woche wird dann \u00fcber das Thema abgestimmt. Dann steht unsere diesj\u00e4hrige Produktion fest.<\/p>\n\n\n\n<h2 class=\"wp-block-heading\"><a href=\"http:\/\/ag-theater.de\/?p=50\">Thema und Termine f\u00fcr die Theater AG 2011\/2012<\/a><\/h2>\n\n\n\n<p>Publiziert am <a href=\"http:\/\/ag-theater.de\/?p=50\">Oktober 12, 2011<\/a> von <a href=\"http:\/\/ag-theater.de\/?author=1\">Berdich<\/a><\/p>\n\n\n<div class=\"wp-block-image\">\n<figure class=\"aligncenter\"><a href=\"http:\/\/ag-theater.de\/wp-content\/uploads\/2011\/10\/kulturtage20121.jpg\"><img loading=\"lazy\" decoding=\"async\" width=\"300\" height=\"114\" src=\"http:\/\/ag-theater.de\/wp-content\/uploads\/2011\/10\/kulturtage20121-300x114.jpg\" alt=\"\" class=\"wp-image-61\" title=\"kulturtage2012\" srcset=\"http:\/\/ag-theater.de\/wp-content\/uploads\/2011\/10\/kulturtage20121-300x114.jpg 300w, http:\/\/ag-theater.de\/wp-content\/uploads\/2011\/10\/kulturtage20121.jpg 830w\" sizes=\"auto, (max-width: 300px) 100vw, 300px\" \/><\/a><\/figure>\n<\/div>\n\n\n<p>Die Theater AG wird dieses Jahr drei bis f\u00fcnf Auftritte im Sommer haben. Ein bis zweimal werden wir an den N\u00fcrnberger Kulturtagen auff\u00fchren. Au\u00dferdem werden wir am zweiten Katzwanger Kulturtag teilnehmen und voraussichtlich im Hort Johannes-Brahms-Stra\u00dfe in der BlueBox auff\u00fchren.<br>Der Termin f\u00fcr die Kulturtage steht bereits fest: 24. bis 29. Juni<br>Das Motto der diesj\u00e4hrigen Kulturtage lautet: ZeitPunktRaum<br>Hierzu werden sich die Kinder in den n\u00e4chsten Wochen Gedanken machen und wir werden gemeinsam einen Arbeitstitel oder ein St\u00fcck bis Weihnachten suchen und festlegen.<br>Weitere Informationen unter: <a href=\"http:\/\/www.kulturtage.schulamt.info\/\" target=\"_blank\" rel=\"noreferrer noopener\">http:\/\/www.kulturtage.schulamt.info\/<\/a><br>Der Katzwanger Kulturtag wird wohl wieder im Juli stattfinden. Ein genauer Termin steht noch nicht fest. Ebenso wird die Vorstellung in der Bluebox im Juli stattfinden. Ver\u00f6ffentlicht unter <a href=\"http:\/\/ag-theater.de\/?cat=1\">Nachrichten<\/a> | <a href=\"http:\/\/ag-theater.de\/?p=50#comments\">1 Kommentar<\/a> | <a href=\"http:\/\/ag-theater.de\/wp-admin\/post.php?post=50&amp;action=edit\">Bearbeiten<\/a><\/p>\n\n\n\n<h2 class=\"wp-block-heading\"><a href=\"http:\/\/ag-theater.de\/?p=47\">Gl\u00fccklicher Zufall<\/a><\/h2>\n\n\n\n<p>Publiziert am <a href=\"http:\/\/ag-theater.de\/?p=47\">Oktober 4, 2011<\/a> von <a href=\"http:\/\/ag-theater.de\/?author=1\">Berdich<\/a><\/p>\n\n\n\n<p>Heute waren genau 16 Kinder zum Start der Theater AG im Musiksaal. So musste niemand entt\u00e4uscht nach Hause gehen. So ist es sch\u00f6n f\u00fcr alle Beteiligten.<\/p>\n\n\n\n<p>Ab n\u00e4chsten Montag geht es dann zwischen 13.15 Uhr und 14.45 Uhr zum ersten Mal in diesem Schuljahr richtig rund. Ver\u00f6ffentlicht unter <a href=\"http:\/\/ag-theater.de\/?cat=1\">Nachrichten<\/a> | Kommentare deaktiviert f\u00fcr Gl\u00fccklicher Zufall | <a href=\"http:\/\/ag-theater.de\/wp-admin\/post.php?post=47&amp;action=edit\">Bearbeiten<\/a><\/p>\n\n\n\n<h2 class=\"wp-block-heading\"><a href=\"http:\/\/ag-theater.de\/?p=41\">Tag der Entscheidung<\/a><\/h2>\n\n\n\n<p>Publiziert am <a href=\"http:\/\/ag-theater.de\/?p=41\">September 26, 2011<\/a> von <a href=\"http:\/\/ag-theater.de\/?author=1\">Berdich<\/a><\/p>\n\n\n\n<p>Liebe Eltern,<br>in den letzten beiden Jahren gab es einen regen Ansturm auf die Theater AG. Da es schwierig ist mit zu gro\u00dfen Gruppen ein Theaterst\u00fcck zu entwickeln und auf die B\u00fchne zu bringen, wird die Teilnehmerzahl begrenzt.<\/p>\n\n\n\n<p>In diesem Jahr wird es 16 Pl\u00e4tze geben. Acht M\u00e4dchen und acht Jungen k\u00f6nnen an der Theater AG teilnehmen. Es ist nicht einfach zu entscheiden, wer einen Platz bekommt und wer nicht. Falls mehr als 16 Kinder an der Theater AG teilnehmen m\u00f6chten, habe ich mich daf\u00fcr entschieden, die Pl\u00e4tze per Losverfahren zu vergeben.<\/p>\n\n\n\n<p>Wer also Interesse an der Teilnahme in der Theater AG hat, m\u00f6ge bitte n\u00e4chsten Dienstag, den 04.10. um 13.05 Uhr in den Musiksaal (4.101) kommen. Vor Ort werden dann die Pl\u00e4tze vergeben.<\/p>\n\n\n\n<p>Mit vielen Gr\u00fc\u00dfen<br>Volker Berdich<\/p>\n","protected":false},"excerpt":{"rendered":"<p>Im Juni 2012 werden wir an den N\u00fcrnberger Kulturtagen und am 2.Katzwanger Kulturtag mit einem St\u00fcck teilnehmen. Das Arbeitsthema ist &#8222;ZeitPunktRaum&#8220;. Ein St\u00fcck steht noch nicht fest. Die Kinder werden bis Weihnachten Vorschl\u00e4ge machen und wir werden uns vor den Weihnachtsferien auf einen Titel und ein St\u00fcck einigen. Am 14.November ist die Entscheidung auf den [&hellip;]<\/p>\n","protected":false},"author":1,"featured_media":0,"parent":254,"menu_order":0,"comment_status":"open","ping_status":"open","template":"","meta":{"footnotes":""},"class_list":["post-64","page","type-page","status-publish","hentry","post-preview"],"_links":{"self":[{"href":"http:\/\/ag-theater.de\/index.php?rest_route=\/wp\/v2\/pages\/64","targetHints":{"allow":["GET"]}}],"collection":[{"href":"http:\/\/ag-theater.de\/index.php?rest_route=\/wp\/v2\/pages"}],"about":[{"href":"http:\/\/ag-theater.de\/index.php?rest_route=\/wp\/v2\/types\/page"}],"author":[{"embeddable":true,"href":"http:\/\/ag-theater.de\/index.php?rest_route=\/wp\/v2\/users\/1"}],"replies":[{"embeddable":true,"href":"http:\/\/ag-theater.de\/index.php?rest_route=%2Fwp%2Fv2%2Fcomments&post=64"}],"version-history":[{"count":8,"href":"http:\/\/ag-theater.de\/index.php?rest_route=\/wp\/v2\/pages\/64\/revisions"}],"predecessor-version":[{"id":635,"href":"http:\/\/ag-theater.de\/index.php?rest_route=\/wp\/v2\/pages\/64\/revisions\/635"}],"up":[{"embeddable":true,"href":"http:\/\/ag-theater.de\/index.php?rest_route=\/wp\/v2\/pages\/254"}],"wp:attachment":[{"href":"http:\/\/ag-theater.de\/index.php?rest_route=%2Fwp%2Fv2%2Fmedia&parent=64"}],"curies":[{"name":"wp","href":"https:\/\/api.w.org\/{rel}","templated":true}]}}